{"id":788,"date":"2023-05-19T18:26:28","date_gmt":"2023-05-19T18:26:28","guid":{"rendered":"https:\/\/cecgcdmx.com\/?page_id=788"},"modified":"2025-04-19T01:00:45","modified_gmt":"2025-04-19T01:00:45","slug":"mesa-directiva","status":"publish","type":"page","link":"https:\/\/cecgcdmx.com\/?page_id=788","title":{"rendered":"Mesa Directiva    2025 &#8211; 2027"},"content":{"rendered":"<p><strong>Karina S\u00e1nchez Reyes<\/strong><br \/>\nPresidente<\/p>\n<p><strong>Ismael Dom\u00ednguez Rosado<\/strong><br \/>\nSecretario Propietario General<\/p>\n<p><strong>Gabriela E. Guti\u00e9rrez Uvalle<\/strong><br \/>\nSecretario Propietario Suplente<\/p>\n<p><strong>Adriana Santos Manzur<\/strong><br \/>\nTesorera Propietaria<\/p>\n<p><strong>Paulina Carpinteyro Esp\u00edn<\/strong><br \/>\nCoordinadora de Comit\u00e9s<\/p>\n<p><strong>Carlos Alberto Guti\u00e9rrez Rojas<\/strong><br \/>\nComit\u00e9 Acad\u00e9mico y Cient\u00edfico<\/p>\n<p><strong>Mar\u00eda Fernanda Torres Ruiz<\/strong><br \/>\nComit\u00e9 Acad\u00e9mico y Cient\u00edfico<\/p>\n<p><strong>Mois\u00e9s Marino Ram\u00edrez Ram\u00edrez<\/strong><br \/>\nComit\u00e9 Acad\u00e9mico y Cient\u00edfico<\/p>\n<p><strong>H\u00e9ctor Leonardo Pimentel Mestre<\/strong><br \/>\nComit\u00e9 de Admisi\u00f3n y Atenci\u00f3n a Socios<\/p>\n<p><strong>Gerardo Ricardo Zurita Navarrete<\/strong><br \/>\nComit\u00e9 de Estatutos, Reglamentos y Normatividad<\/p>\n<p><strong>Carlos Manuel D\u00edaz Salazar<\/strong><br \/>\nComit\u00e9 de Estatutos, Reglamentos y Normatividad<\/p>\n<p><strong>Ang\u00e9lica Hortensia Gonz\u00e1lez Mu\u00f1oz<\/strong><br \/>\nComit\u00e9 de Educaci\u00f3n M\u00e9dica<\/p>\n<p><strong>Norma Franco Guerrero<\/strong><br \/>\nComit\u00e9 de Educaci\u00f3n M\u00e9dica<\/p>\n<p><strong>David Lasky Marcovich<\/strong><br \/>\nComit\u00e9 de Educaci\u00f3n M\u00e9dica<\/p>\n<p><strong>Jos\u00e9 Ignacio Guzm\u00e1n Mej\u00eda<\/strong><br \/>\nComit\u00e9 de \u00c9tica<\/p>\n<p><strong>Abilene C. Escamilla Ortiz<\/strong><br \/>\nComit\u00e9 de Relaciones Colegiadas<\/p>\n<p><strong>Mario Eduardo Trejo \u00c1vila<\/strong><br \/>\nComit\u00e9 de Vinculaci\u00f3n Acad\u00e9mica<\/p>\n<p><strong>Hugo Alejandro S\u00e1nchez Aguilar<\/strong><br \/>\nComit\u00e9 de Vinculaci\u00f3n Acad\u00e9mica<\/p>\n<p><strong>Carlos Manuel D\u00edaz Salazar<\/strong><br \/>\nComit\u00e9 M\u00e9dico-Legal y Dictaminador<\/p>\n<p><strong>Gerardo Ricardo Zurita Navarrete<\/strong><br \/>\nComit\u00e9 M\u00e9dico-Legal y Dictaminador<\/p>\n<p><strong>Claudia B. Dom\u00ednguez Fonseca<\/strong><br \/>\nComit\u00e9 de Salud y Bienestar Integral<\/p>\n<p><strong>Jacobo Choy G\u00f3mez<\/strong><br \/>\nComit\u00e9 de Difusi\u00f3n, Comunicaci\u00f3n y Redes Sociales<\/p>\n<p><strong>Flavio Enrique D\u00edaz Trueba<\/strong><br \/>\nComit\u00e9 de Difusi\u00f3n, Comunicaci\u00f3n y Redes Sociales<\/p>\n<p><strong>David Vel\u00e1zquez Fern\u00e1ndez<\/strong><br \/>\nComisi\u00f3n de Honor y Justicia<\/p>\n<p><strong>Samuel Kleinfinger Marcuschamer<\/strong><br \/>\nComisi\u00f3n de Honor y Justicia<\/p>\n<p><strong>Juan Roberto Torres Cisneros<\/strong><br \/>\nComisi\u00f3n de Honor y Justicia<\/p>\n<p><strong>Katya Estefan\u00eda Bozada Guti\u00e9rrez<\/strong><br \/>\nComit\u00e9 de Equidad de G\u00e9nero<\/p>\n<p><strong>Mar\u00eda Anota Rivera<\/strong><br \/>\nComit\u00e9 de Equidad de G\u00e9nero<\/p>\n<p><strong>Edgar Fernando Hern\u00e1ndez Garc\u00eda<\/strong><br \/>\nComit\u00e9 de Servicio Social y Actividades Extra-Muros<\/p>\n<p><strong>Ricardo Reynoso Gonz\u00e1lez<\/strong><br \/>\nComit\u00e9 de Servicio Social y Actividades Extra-Muros<\/p>\n<p><strong>Al\u00e1n Daniel Guerrero Rinc\u00f3n<\/strong><br \/>\nComit\u00e9 de Socios Residentes<\/p>\n<p><strong>Mar\u00eda Jos\u00e9 Bargall\u00f3 Gonz\u00e1lez Lugo<\/strong><br \/>\nComit\u00e9 de Socios Residentes<\/p>\n<p><strong>Paulina Elizabeth Huchim Serv\u00edn<\/strong><br \/>\nComit\u00e9 de Socios Residentes<\/p>\n","protected":false},"excerpt":{"rendered":"<p>Karina S\u00e1nchez Reyes Presidente Ismael Dom\u00ednguez Rosado Secretario Propietario General Gabriela E. Guti\u00e9rrez Uvalle Secretario Propietario Suplente Adriana Santos Manzur Tesorera Propietaria Paulina Carpinteyro Esp\u00edn Coordinadora de Comit\u00e9s Carlos Alberto Guti\u00e9rrez Rojas Comit\u00e9 Acad\u00e9mico y Cient\u00edfico Mar\u00eda Fernanda Torres Ruiz Comit\u00e9 Acad\u00e9mico y Cient\u00edfico Mois\u00e9s Marino Ram\u00edrez Ram\u00edrez Comit\u00e9 Acad\u00e9mico y Cient\u00edfico H\u00e9ctor Leonardo Pimentel&hellip;&nbsp;<a href=\"https:\/\/cecgcdmx.com\/?page_id=788\" rel=\"bookmark\">Leer m\u00e1s &raquo;<span class=\"screen-reader-text\">Mesa Directiva    2025 &#8211; 2027<\/span><\/a><\/p>\n","protected":false},"author":1,"featured_media":0,"parent":0,"menu_order":0,"comment_status":"closed","ping_status":"closed","template":"","meta":{"neve_meta_sidebar":"","neve_meta_container":"","neve_meta_enable_content_width":"off","neve_meta_content_width":100,"neve_meta_title_alignment":"","neve_meta_author_avatar":"","neve_post_elements_order":"","neve_meta_disable_header":"","neve_meta_disable_footer":"","neve_meta_disable_title":"","footnotes":""},"class_list":["post-788","page","type-page","status-publish","hentry"],"yoast_head":"<!-- This site is optimized with the Yoast SEO plugin v27.5 - https:\/\/yoast.com\/product\/yoast-seo-wordpress\/ -->\n<title>Mesa Directiva  2025 - 2027 - CECGCDMX.<\/title>\n<meta name=\"robots\" content=\"index, follow, max-snippet:-1, max-image-preview:large, max-video-preview:-1\" \/>\n<link rel=\"canonical\" href=\"https:\/\/cecgcdmx.com\/?page_id=788\" \/>\n<meta property=\"og:locale\" content=\"es_ES\" \/>\n<meta property=\"og:type\" content=\"article\" \/>\n<meta property=\"og:title\" content=\"Mesa Directiva  2025 - 2027 - CECGCDMX.\" \/>\n<meta property=\"og:description\" content=\"Karina S\u00e1nchez Reyes Presidente Ismael Dom\u00ednguez Rosado Secretario Propietario General Gabriela E. Guti\u00e9rrez Uvalle Secretario Propietario Suplente Adriana Santos Manzur Tesorera Propietaria Paulina Carpinteyro Esp\u00edn Coordinadora de Comit\u00e9s Carlos Alberto Guti\u00e9rrez Rojas Comit\u00e9 Acad\u00e9mico y Cient\u00edfico Mar\u00eda Fernanda Torres Ruiz Comit\u00e9 Acad\u00e9mico y Cient\u00edfico Mois\u00e9s Marino Ram\u00edrez Ram\u00edrez Comit\u00e9 Acad\u00e9mico y Cient\u00edfico H\u00e9ctor Leonardo Pimentel&hellip;&nbsp;Leer m\u00e1s &raquo;Mesa Directiva  2025 &#8211; 2027\" \/>\n<meta property=\"og:url\" content=\"https:\/\/cecgcdmx.com\/?page_id=788\" \/>\n<meta property=\"og:site_name\" content=\"CECGCDMX.\" \/>\n<meta property=\"article:modified_time\" content=\"2025-04-19T01:00:45+00:00\" \/>\n<meta name=\"twitter:card\" content=\"summary_large_image\" \/>\n<meta name=\"twitter:label1\" content=\"Tiempo de lectura\" \/>\n\t<meta name=\"twitter:data1\" content=\"2 minutos\" \/>\n<script type=\"application\/ld+json\" class=\"yoast-schema-graph\">{\"@context\":\"https:\\\/\\\/schema.org\",\"@graph\":[{\"@type\":\"WebPage\",\"@id\":\"https:\\\/\\\/cecgcdmx.com\\\/?page_id=788\",\"url\":\"https:\\\/\\\/cecgcdmx.com\\\/?page_id=788\",\"name\":\"Mesa Directiva 2025 - 2027 - CECGCDMX.\",\"isPartOf\":{\"@id\":\"https:\\\/\\\/cecgcdmx.com\\\/#website\"},\"datePublished\":\"2023-05-19T18:26:28+00:00\",\"dateModified\":\"2025-04-19T01:00:45+00:00\",\"breadcrumb\":{\"@id\":\"https:\\\/\\\/cecgcdmx.com\\\/?page_id=788#breadcrumb\"},\"inLanguage\":\"es\",\"potentialAction\":[{\"@type\":\"ReadAction\",\"target\":[\"https:\\\/\\\/cecgcdmx.com\\\/?page_id=788\"]}]},{\"@type\":\"BreadcrumbList\",\"@id\":\"https:\\\/\\\/cecgcdmx.com\\\/?page_id=788#breadcrumb\",\"itemListElement\":[{\"@type\":\"ListItem\",\"position\":1,\"name\":\"Home\",\"item\":\"https:\\\/\\\/cecgcdmx.com\\\/\"},{\"@type\":\"ListItem\",\"position\":2,\"name\":\"Mesa Directiva 2025 &#8211; 2027\"}]},{\"@type\":\"WebSite\",\"@id\":\"https:\\\/\\\/cecgcdmx.com\\\/#website\",\"url\":\"https:\\\/\\\/cecgcdmx.com\\\/\",\"name\":\"CECGCDMX.\",\"description\":\"Colegio de Especialistas C G de la Cd. de M\u00e9xico y \u00c1rea Metropolitana A.C\",\"publisher\":{\"@id\":\"https:\\\/\\\/cecgcdmx.com\\\/#organization\"},\"potentialAction\":[{\"@type\":\"SearchAction\",\"target\":{\"@type\":\"EntryPoint\",\"urlTemplate\":\"https:\\\/\\\/cecgcdmx.com\\\/?s={search_term_string}\"},\"query-input\":{\"@type\":\"PropertyValueSpecification\",\"valueRequired\":true,\"valueName\":\"search_term_string\"}}],\"inLanguage\":\"es\"},{\"@type\":\"Organization\",\"@id\":\"https:\\\/\\\/cecgcdmx.com\\\/#organization\",\"name\":\"CECGCDMX.\",\"url\":\"https:\\\/\\\/cecgcdmx.com\\\/\",\"logo\":{\"@type\":\"ImageObject\",\"inLanguage\":\"es\",\"@id\":\"https:\\\/\\\/cecgcdmx.com\\\/#\\\/schema\\\/logo\\\/image\\\/\",\"url\":\"https:\\\/\\\/cecgcdmx.com\\\/wp-content\\\/uploads\\\/2023\\\/05\\\/Captura-de-pantalla-2023-05-19-a-las-11.21.27-1.png\",\"contentUrl\":\"https:\\\/\\\/cecgcdmx.com\\\/wp-content\\\/uploads\\\/2023\\\/05\\\/Captura-de-pantalla-2023-05-19-a-las-11.21.27-1.png\",\"width\":646,\"height\":434,\"caption\":\"CECGCDMX.\"},\"image\":{\"@id\":\"https:\\\/\\\/cecgcdmx.com\\\/#\\\/schema\\\/logo\\\/image\\\/\"}}]}<\/script>\n<!-- \/ Yoast SEO plugin. -->","yoast_head_json":{"title":"Mesa Directiva  2025 - 2027 - CECGCDMX.","robots":{"index":"index","follow":"follow","max-snippet":"max-snippet:-1","max-image-preview":"max-image-preview:large","max-video-preview":"max-video-preview:-1"},"canonical":"https:\/\/cecgcdmx.com\/?page_id=788","og_locale":"es_ES","og_type":"article","og_title":"Mesa Directiva  2025 - 2027 - CECGCDMX.","og_description":"Karina S\u00e1nchez Reyes Presidente Ismael Dom\u00ednguez Rosado Secretario Propietario General Gabriela E. Guti\u00e9rrez Uvalle Secretario Propietario Suplente Adriana Santos Manzur Tesorera Propietaria Paulina Carpinteyro Esp\u00edn Coordinadora de Comit\u00e9s Carlos Alberto Guti\u00e9rrez Rojas Comit\u00e9 Acad\u00e9mico y Cient\u00edfico Mar\u00eda Fernanda Torres Ruiz Comit\u00e9 Acad\u00e9mico y Cient\u00edfico Mois\u00e9s Marino Ram\u00edrez Ram\u00edrez Comit\u00e9 Acad\u00e9mico y Cient\u00edfico H\u00e9ctor Leonardo Pimentel&hellip;&nbsp;Leer m\u00e1s &raquo;Mesa Directiva  2025 &#8211; 2027","og_url":"https:\/\/cecgcdmx.com\/?page_id=788","og_site_name":"CECGCDMX.","article_modified_time":"2025-04-19T01:00:45+00:00","twitter_card":"summary_large_image","twitter_misc":{"Tiempo de lectura":"2 minutos"},"schema":{"@context":"https:\/\/schema.org","@graph":[{"@type":"WebPage","@id":"https:\/\/cecgcdmx.com\/?page_id=788","url":"https:\/\/cecgcdmx.com\/?page_id=788","name":"Mesa Directiva 2025 - 2027 - CECGCDMX.","isPartOf":{"@id":"https:\/\/cecgcdmx.com\/#website"},"datePublished":"2023-05-19T18:26:28+00:00","dateModified":"2025-04-19T01:00:45+00:00","breadcrumb":{"@id":"https:\/\/cecgcdmx.com\/?page_id=788#breadcrumb"},"inLanguage":"es","potentialAction":[{"@type":"ReadAction","target":["https:\/\/cecgcdmx.com\/?page_id=788"]}]},{"@type":"BreadcrumbList","@id":"https:\/\/cecgcdmx.com\/?page_id=788#breadcrumb","itemListElement":[{"@type":"ListItem","position":1,"name":"Home","item":"https:\/\/cecgcdmx.com\/"},{"@type":"ListItem","position":2,"name":"Mesa Directiva 2025 &#8211; 2027"}]},{"@type":"WebSite","@id":"https:\/\/cecgcdmx.com\/#website","url":"https:\/\/cecgcdmx.com\/","name":"CECGCDMX.","description":"Colegio de Especialistas C G de la Cd. de M\u00e9xico y \u00c1rea Metropolitana A.C","publisher":{"@id":"https:\/\/cecgcdmx.com\/#organization"},"potentialAction":[{"@type":"SearchAction","target":{"@type":"EntryPoint","urlTemplate":"https:\/\/cecgcdmx.com\/?s={search_term_string}"},"query-input":{"@type":"PropertyValueSpecification","valueRequired":true,"valueName":"search_term_string"}}],"inLanguage":"es"},{"@type":"Organization","@id":"https:\/\/cecgcdmx.com\/#organization","name":"CECGCDMX.","url":"https:\/\/cecgcdmx.com\/","logo":{"@type":"ImageObject","inLanguage":"es","@id":"https:\/\/cecgcdmx.com\/#\/schema\/logo\/image\/","url":"https:\/\/cecgcdmx.com\/wp-content\/uploads\/2023\/05\/Captura-de-pantalla-2023-05-19-a-las-11.21.27-1.png","contentUrl":"https:\/\/cecgcdmx.com\/wp-content\/uploads\/2023\/05\/Captura-de-pantalla-2023-05-19-a-las-11.21.27-1.png","width":646,"height":434,"caption":"CECGCDMX."},"image":{"@id":"https:\/\/cecgcdmx.com\/#\/schema\/logo\/image\/"}}]}},"jetpack_sharing_enabled":true,"_links":{"self":[{"href":"https:\/\/cecgcdmx.com\/index.php?rest_route=\/wp\/v2\/pages\/788","targetHints":{"allow":["GET"]}}],"collection":[{"href":"https:\/\/cecgcdmx.com\/index.php?rest_route=\/wp\/v2\/pages"}],"about":[{"href":"https:\/\/cecgcdmx.com\/index.php?rest_route=\/wp\/v2\/types\/page"}],"author":[{"embeddable":true,"href":"https:\/\/cecgcdmx.com\/index.php?rest_route=\/wp\/v2\/users\/1"}],"replies":[{"embeddable":true,"href":"https:\/\/cecgcdmx.com\/index.php?rest_route=%2Fwp%2Fv2%2Fcomments&post=788"}],"version-history":[{"count":8,"href":"https:\/\/cecgcdmx.com\/index.php?rest_route=\/wp\/v2\/pages\/788\/revisions"}],"predecessor-version":[{"id":1292,"href":"https:\/\/cecgcdmx.com\/index.php?rest_route=\/wp\/v2\/pages\/788\/revisions\/1292"}],"wp:attachment":[{"href":"https:\/\/cecgcdmx.com\/index.php?rest_route=%2Fwp%2Fv2%2Fmedia&parent=788"}],"curies":[{"name":"wp","href":"https:\/\/api.w.org\/{rel}","templated":true}]}}